{"id":3853,"date":"2025-10-31T00:10:55","date_gmt":"2025-10-31T00:10:55","guid":{"rendered":"https:\/\/suresnes-sociale-\u00e9cologique.fr\/?page_id=3853"},"modified":"2025-10-31T10:34:52","modified_gmt":"2025-10-31T10:34:52","slug":"bilan-mandat-2020-2026","status":"publish","type":"page","link":"https:\/\/suresnes-sociale-\u00e9cologique.fr\/?page_id=3853","title":{"rendered":"Bilan mandat 2020-2026"},"content":{"rendered":"\t\t<div data-elementor-type=\"wp-page\" data-elementor-id=\"3853\" class=\"elementor elementor-3853\">\n\t\t\t\t\t\t\t\t\t<section class=\"elementor-section elementor-top-section elementor-element elementor-element-0681030 elementor-section-boxed elementor-section-height-default elementor-section-height-default\" data-id=\"0681030\" data-element_type=\"section\">\n\t\t\t\t\t\t<div class=\"elementor-container elementor-column-gap-default\">\n\t\t\t\t\t<div class=\"elementor-column elementor-col-100 elementor-top-column elementor-element elementor-element-4907611\" data-id=\"4907611\" data-element_type=\"column\">\n\t\t\t<div class=\"elementor-widget-wrap elementor-element-populated\">\n\t\t\t\t\t\t\t\t<div class=\"elementor-element elementor-element-737fbdc elementor-widget elementor-widget-spacer\" data-id=\"737fbdc\" data-element_type=\"widget\" data-widget_type=\"spacer.default\">\n\t\t\t\t<div class=\"elementor-widget-container\">\n\t\t\t<style>\/*! elementor - v3.8.0 - 30-10-2022 *\/\n.elementor-column .elementor-spacer-inner{height:var(--spacer-size)}.e-con{--container-widget-width:100%}.e-con-inner>.elementor-widget-spacer,.e-con>.elementor-widget-spacer{width:var(--container-widget-width,var(--spacer-size));-ms-flex-item-align:stretch;align-self:stretch;-ms-flex-negative:0;flex-shrink:0}.e-con-inner>.elementor-widget-spacer>.elementor-widget-container,.e-con-inner>.elementor-widget-spacer>.elementor-widget-container>.elementor-spacer,.e-con>.elementor-widget-spacer>.elementor-widget-container,.e-con>.elementor-widget-spacer>.elementor-widget-container>.elementor-spacer{height:100%}.e-con-inner>.elementor-widget-spacer>.elementor-widget-container>.elementor-spacer>.elementor-spacer-inner,.e-con>.elementor-widget-spacer>.elementor-widget-container>.elementor-spacer>.elementor-spacer-inner{height:var(--container-widget-height,var(--spacer-size))}<\/style>\t\t<div class=\"elementor-spacer\">\n\t\t\t<div class=\"elementor-spacer-inner\"><\/div>\n\t\t<\/div>\n\t\t\t\t<\/div>\n\t\t\t\t<\/div>\n\t\t\t\t<div class=\"elementor-element elementor-element-e6a4758 elementor-widget elementor-widget-heading\" data-id=\"e6a4758\" data-element_type=\"widget\" data-widget_type=\"heading.default\">\n\t\t\t\t<div class=\"elementor-widget-container\">\n\t\t\t<style>\/*! elementor - v3.8.0 - 30-10-2022 *\/\n.elementor-heading-title{padding:0;margin:0;line-height:1}.elementor-widget-heading .elementor-heading-title[class*=elementor-size-]>a{color:inherit;font-size:inherit;line-height:inherit}.elementor-widget-heading .elementor-heading-title.elementor-size-small{font-size:15px}.elementor-widget-heading .elementor-heading-title.elementor-size-medium{font-size:19px}.elementor-widget-heading .elementor-heading-title.elementor-size-large{font-size:29px}.elementor-widget-heading .elementor-heading-title.elementor-size-xl{font-size:39px}.elementor-widget-heading .elementor-heading-title.elementor-size-xxl{font-size:59px}<\/style><h2 class=\"elementor-heading-title elementor-size-default\">2020-2026 : un bilan municipal en trompe l'oeil<\/h2>\t\t<\/div>\n\t\t\t\t<\/div>\n\t\t\t\t\t<\/div>\n\t\t<\/div>\n\t\t\t\t\t\t\t<\/div>\n\t\t<\/section>\n\t\t\t\t<section class=\"elementor-section elementor-top-section elementor-element elementor-element-f79ce60 elementor-section-boxed elementor-section-height-default elementor-section-height-default\" data-id=\"f79ce60\" data-element_type=\"section\">\n\t\t\t\t\t\t<div class=\"elementor-container elementor-column-gap-default\">\n\t\t\t\t\t<div class=\"elementor-column elementor-col-100 elementor-top-column elementor-element elementor-element-0194e68\" data-id=\"0194e68\" data-element_type=\"column\">\n\t\t\t<div class=\"elementor-widget-wrap elementor-element-populated\">\n\t\t\t\t\t\t\t\t<div class=\"elementor-element elementor-element-0b5c691 elementor-widget elementor-widget-text-editor\" data-id=\"0b5c691\" data-element_type=\"widget\" data-widget_type=\"text-editor.default\">\n\t\t\t\t<div class=\"elementor-widget-container\">\n\t\t\t<style>\/*! elementor - v3.8.0 - 30-10-2022 *\/\n.elementor-widget-text-editor.elementor-drop-cap-view-stacked .elementor-drop-cap{background-color:#818a91;color:#fff}.elementor-widget-text-editor.elementor-drop-cap-view-framed .elementor-drop-cap{color:#818a91;border:3px solid;background-color:transparent}.elementor-widget-text-editor:not(.elementor-drop-cap-view-default) .elementor-drop-cap{margin-top:8px}.elementor-widget-text-editor:not(.elementor-drop-cap-view-default) .elementor-drop-cap-letter{width:1em;height:1em}.elementor-widget-text-editor .elementor-drop-cap{float:left;text-align:center;line-height:1;font-size:50px}.elementor-widget-text-editor .elementor-drop-cap-letter{display:inline-block}<\/style>\t\t\t\t<div class=\"elementor-element elementor-element-d3c393c elementor-widget elementor-widget-text-editor\" data-id=\"d3c393c\" data-element_type=\"widget\" data-widget_type=\"text-editor.default\"><div class=\"elementor-widget-container\"><p>Ce bilan rappelle les promesses de M. Guillaume Boudy pour une ville solidaire, conviviale, durable, innovante.<\/p><p>Nous avons analys\u00e9 dans le d\u00e9tail les engagements du maire, apr\u00e8s 5 ans de mandat.<\/p><p>R\u00e9sultat, une politique r\u00e9elle faite encore et toujours, comme son pr\u00e9d\u00e9cesseur, <strong>au d\u00e9triment de la classe moyenne et des classes populaires<\/strong>, un enclavement des quartiers et une absence totale de consid\u00e9ration pour le changement climatique et son impact local<\/p><\/div><\/div>\t\t\t\t\t\t<\/div>\n\t\t\t\t<\/div>\n\t\t\t\t\t<\/div>\n\t\t<\/div>\n\t\t\t\t\t\t\t<\/div>\n\t\t<\/section>\n\t\t\t\t<section class=\"elementor-section elementor-top-section elementor-element elementor-element-a078667 elementor-section-boxed elementor-section-height-default elementor-section-height-default\" data-id=\"a078667\" data-element_type=\"section\" data-settings=\"{&quot;background_background&quot;:&quot;classic&quot;}\">\n\t\t\t\t\t\t<div class=\"elementor-container elementor-column-gap-default\">\n\t\t\t\t\t<div class=\"elementor-column elementor-col-33 elementor-top-column elementor-element elementor-element-74f9f68\" data-id=\"74f9f68\" data-element_type=\"column\">\n\t\t\t<div class=\"elementor-widget-wrap elementor-element-populated\">\n\t\t\t\t\t\t\t\t<div class=\"elementor-element elementor-element-d9baa1f elementor-widget elementor-widget-heading\" data-id=\"d9baa1f\" data-element_type=\"widget\" data-widget_type=\"heading.default\">\n\t\t\t\t<div class=\"elementor-widget-container\">\n\t\t\t<h3 class=\"elementor-heading-title elementor-size-default\"><b>B\u00e9tonisation et des logements toujours plus inaccessibles<\/b><\/h3>\t\t<\/div>\n\t\t\t\t<\/div>\n\t\t\t\t\t<\/div>\n\t\t<\/div>\n\t\t\t\t<div class=\"elementor-column elementor-col-66 elementor-top-column elementor-element elementor-element-e60c2a7\" data-id=\"e60c2a7\" data-element_type=\"column\">\n\t\t\t<div class=\"elementor-widget-wrap elementor-element-populated\">\n\t\t\t\t\t\t\t\t<div class=\"elementor-element elementor-element-461aab9 elementor-widget elementor-widget-text-editor\" data-id=\"461aab9\" data-element_type=\"widget\" data-widget_type=\"text-editor.default\">\n\t\t\t\t<div class=\"elementor-widget-container\">\n\t\t\t\t\t\t\t<div class=\"elementor-element elementor-element-037b015 elementor-widget elementor-widget-text-editor\" data-id=\"037b015\" data-element_type=\"widget\" data-widget_type=\"text-editor.default\"><div class=\"elementor-widget-container\"><p><strong>Travaux partout pour viser les 50 000 habitants<\/strong>, l\u2019esprit de village de Suresnes est mis \u00e0 mal. Les services, les transports, les commerces ne suivent pas. Le maire promettait d\u00e8s 2021 une strat\u00e9gie urbaine co-construite avec les habitants, il n\u2019en est rien.<\/p><p><strong>La r\u00e9habilitation d\u2019une partie de la Cit\u00e9-jardins est lanc\u00e9e<\/strong>. Passoires thermiques, cohabitation avec les moisissures, explosion des factures d\u2019\u00e9nergie justifient cette r\u00e9habilitation. Le hic, c\u2019est la m\u00e9thode : pas de discussion en amont, les locataires ne sont pas associ\u00e9s, seulement inform\u00e9s a posteriori ! Devant la mont\u00e9e du m\u00e9contentement, le maire et Hauts de Seine Habitat ont convenu du droit au retour avec un prix du m2 inchang\u00e9. Mais aussi avec beaucoup de non-dits : quel pourcentage de logements sociaux passeront dans la cat\u00e9gorie interm\u00e9diaire beaucoup plus ch\u00e8re ? Quel pourcentage de logements seront transform\u00e9s en accession \u00e0 la propri\u00e9t\u00e9 ? Combien dispara\u00eetront du fait de la diminution des surfaces avec la mise en place d\u2019ascenseurs ? En fait sur les 758 logements concern\u00e9s par la r\u00e9habilitation, combien restera-t-il de logements avec les loyers actuels ? Et quid des charges ? Comment \u00e9volueront-elles avec les nouveaux ascenseurs ? Et qui paiera le 2e d\u00e9m\u00e9nagement ?<\/p><p><strong>Toujours pas de bilan annuel du logement\u00a0! Pas de transparence sur les conditions d\u2019attribution<\/strong>. Est-ce pour masquer l\u2019absence de construction de logements sociaux, dont le pourcentage est pass\u00e9 de 40% en 2002 \u00e0 34% en 2024. Ou est-ce pour cacher le pourcentage de logements et bureaux vacants\u00a0?<\/p><\/div><\/div><p>\u00a0<\/p>\t\t\t\t\t\t<\/div>\n\t\t\t\t<\/div>\n\t\t\t\t\t<\/div>\n\t\t<\/div>\n\t\t\t\t\t\t\t<\/div>\n\t\t<\/section>\n\t\t\t\t<section class=\"elementor-section elementor-top-section elementor-element elementor-element-945ccfc elementor-section-boxed elementor-section-height-default elementor-section-height-default\" data-id=\"945ccfc\" data-element_type=\"section\">\n\t\t\t\t\t\t<div class=\"elementor-container elementor-column-gap-default\">\n\t\t\t\t\t<div class=\"elementor-column elementor-col-33 elementor-top-column elementor-element elementor-element-686c7c7\" data-id=\"686c7c7\" data-element_type=\"column\">\n\t\t\t<div class=\"elementor-widget-wrap elementor-element-populated\">\n\t\t\t\t\t\t\t\t<div class=\"elementor-element elementor-element-8e6c5d8 elementor-widget elementor-widget-heading\" data-id=\"8e6c5d8\" data-element_type=\"widget\" data-widget_type=\"heading.default\">\n\t\t\t\t<div class=\"elementor-widget-container\">\n\t\t\t<h3 class=\"elementor-heading-title elementor-size-default\"><b>Enfance, un manque de personnel alarmant<\/b><\/h3>\t\t<\/div>\n\t\t\t\t<\/div>\n\t\t\t\t\t<\/div>\n\t\t<\/div>\n\t\t\t\t<div class=\"elementor-column elementor-col-66 elementor-top-column elementor-element elementor-element-84b42c1\" data-id=\"84b42c1\" data-element_type=\"column\">\n\t\t\t<div class=\"elementor-widget-wrap elementor-element-populated\">\n\t\t\t\t\t\t\t\t<div class=\"elementor-element elementor-element-a6cf8c4 elementor-widget elementor-widget-text-editor\" data-id=\"a6cf8c4\" data-element_type=\"widget\" data-widget_type=\"text-editor.default\">\n\t\t\t\t<div class=\"elementor-widget-container\">\n\t\t\t\t\t\t\t<div class=\"elementor-element elementor-element-97bc788 elementor-widget elementor-widget-text-editor\" data-id=\"97bc788\" data-element_type=\"widget\" data-widget_type=\"text-editor.default\"><div class=\"elementor-widget-container\"><p>Si une famille suresnoise n\u2019a pas les moyens d\u2019employer \u00e0 domicile une assistante maternelle, il ne lui sera pas ais\u00e9 de trouver une place en cr\u00e8che. <strong>Le manque chronique de personnel qualifi\u00e9 <\/strong>s\u2019accompagne d\u2019un d\u00e9sint\u00e9r\u00eat du maire. Suresnes, ce sont 20 cr\u00e8ches priv\u00e9es et ce malgr\u00e9 les scandales de maltraitance \u00e0 r\u00e9p\u00e9tition comme People &amp; Baby. Dans ce contexte, nous exigeons plus de transparence sur les crit\u00e8res d\u2019attribution des places en cr\u00e8che publique.<\/p><p><strong>Le mod\u00e8le suresnois de petites \u00e9coles de proximit\u00e9 montre ses limites<\/strong>. Classes qui ferment ann\u00e9e apr\u00e8s ann\u00e9e, fragilisation des structures malgr\u00e9 l\u2019engagement des \u00e9quipes \u00e9ducatives, saupoudrage et retard des travaux (les passoires thermiques attendront\u00a0!), le maire n\u2019utilise ni son pouvoir ni son influence pour changer la donne. Il d\u00e9couvre en r\u00e9union publique la <strong>situation critique \u00e0 l\u2019\u00e9cole Albrecht <\/strong>ou l\u2019incident grave de porte \u00e0 l\u2019\u00e9cole Pontillon. Il laisse faire le manque de personnel dans les centres de loisirs et le syst\u00e8me de r\u00e9servation d\u00e9faillant.<\/p><p>Le maire combat peu le manque d\u2019ATSEM (agents territoriaux des \u00e9coles maternelles), le manque d\u2019AESH (accompagnements des \u00e9l\u00e8ves en situation d\u2019handicap), le manque d\u2019AED (assistant d\u2019\u00e9ducation) dans le secondaire, <strong>le manque d\u2019infirmi\u00e8re<\/strong> ou de psychologues scolaire. La r\u00e9ussite et l\u2019\u00e9panouissement scolaire ne sont pas des priorit\u00e9s pour notre maire et vice-pr\u00e9sident du conseil d\u00e9partemental. Il semble s\u2019accommoder du s\u00e9paratisme social avec le contournement du public, pourtant de bonne qualit\u00e9 \u00e0 Suresnes, pour le secteur priv\u00e9.<\/p><p>Quant aux promesses de <strong>scolarisation des tr\u00e8s jeunes<\/strong> (d\u00e8s 2 ans) et d\u2019outils innovants pour l\u2019apprentissage des langues \u00e9trang\u00e8res, elles restent caduques.<\/p><\/div><\/div><p>\u00a0<\/p>\t\t\t\t\t\t<\/div>\n\t\t\t\t<\/div>\n\t\t\t\t\t<\/div>\n\t\t<\/div>\n\t\t\t\t\t\t\t<\/div>\n\t\t<\/section>\n\t\t\t\t<section class=\"elementor-section elementor-top-section elementor-element elementor-element-e441fb6 elementor-section-boxed elementor-section-height-default elementor-section-height-default\" data-id=\"e441fb6\" data-element_type=\"section\" data-settings=\"{&quot;background_background&quot;:&quot;classic&quot;}\">\n\t\t\t\t\t\t<div class=\"elementor-container elementor-column-gap-default\">\n\t\t\t\t\t<div class=\"elementor-column elementor-col-33 elementor-top-column elementor-element elementor-element-62e8fcf\" data-id=\"62e8fcf\" data-element_type=\"column\">\n\t\t\t<div class=\"elementor-widget-wrap elementor-element-populated\">\n\t\t\t\t\t\t\t\t<div class=\"elementor-element elementor-element-f1cde2f elementor-widget elementor-widget-heading\" data-id=\"f1cde2f\" data-element_type=\"widget\" data-widget_type=\"heading.default\">\n\t\t\t\t<div class=\"elementor-widget-container\">\n\t\t\t<h3 class=\"elementor-heading-title elementor-size-default\"><b>Quand la culture devient un divertissement mercantile<\/b><\/h3>\t\t<\/div>\n\t\t\t\t<\/div>\n\t\t\t\t\t<\/div>\n\t\t<\/div>\n\t\t\t\t<div class=\"elementor-column elementor-col-66 elementor-top-column elementor-element elementor-element-d4fb27e\" data-id=\"d4fb27e\" data-element_type=\"column\">\n\t\t\t<div class=\"elementor-widget-wrap elementor-element-populated\">\n\t\t\t\t\t\t\t\t<div class=\"elementor-element elementor-element-2553aad elementor-widget elementor-widget-text-editor\" data-id=\"2553aad\" data-element_type=\"widget\" data-widget_type=\"text-editor.default\">\n\t\t\t\t<div class=\"elementor-widget-container\">\n\t\t\t\t\t\t\t<div data-id=\"97bc788\" data-element_type=\"widget\" data-widget_type=\"text-editor.default\"><div><p>O\u00f9 est la nouvelle <b>f\u00eate des vendanges<\/b> plus participative annonc\u00e9e dans le contrat de mandat\u00a0? Supprim\u00e9e apr\u00e8s 36 \u00e9ditions qui auront marqu\u00e9 des g\u00e9n\u00e9rations de Suresnois. Pourtant l\u2019id\u00e9e \u00e9tait bonne et possible comme le montre le succ\u00e8s de Parades \u00e0 Nanterre. Mais tout se passe d\u00e9sormais \u00e0 la terrasse du F\u00e9cheray avec Auto-Retro ou le concours de la <b>baguette sponsoris\u00e9 par Nutella<\/b>.<br \/>Lorsque la ville veut se donner les moyens d\u2019organiser un spectacle participatif avec diff\u00e9rents acteurs culturels, elle en a les moyens comme \u00ab\u00a0La mer des histoires\u00a0\u00bb. Il faudrait multiplier ces initiatives car Suresnes avait ce savoir-faire qui permettrait de soutenir des intermittents du spectacle et d\u2019aller \u00e0 la rencontre de chaque quartier de la ville.<br \/>O\u00f9 est la culture accessible \u00e0 tous les Suresnois\u00a0? O\u00f9 est le Passe Loisirs promis\u00a0? Le maire semble pr\u00e9f\u00e9rer des bus depuis Porte Maillot pour se rendre \u00e0 Jean Vilar plut\u00f4t que des transports depuis les quartiers de Suresnes et donner envie aux familles modestes de fr\u00e9quenter le th\u00e9\u00e2tre, par exemple en impliquant davantage les \u00e9l\u00e8ves, le conservatoire, les m\u00e9diath\u00e8ques. Trop de maisons de quartier sont inadapt\u00e9es aux besoins de proximit\u00e9 avec les habitants.<\/p><\/div><\/div>\t\t\t\t\t\t<\/div>\n\t\t\t\t<\/div>\n\t\t\t\t\t<\/div>\n\t\t<\/div>\n\t\t\t\t\t\t\t<\/div>\n\t\t<\/section>\n\t\t\t\t<section class=\"elementor-section elementor-top-section elementor-element elementor-element-177b42a elementor-section-boxed elementor-section-height-default elementor-section-height-default\" data-id=\"177b42a\" data-element_type=\"section\">\n\t\t\t\t\t\t<div class=\"elementor-container elementor-column-gap-default\">\n\t\t\t\t\t<div class=\"elementor-column elementor-col-33 elementor-top-column elementor-element elementor-element-f96e707\" data-id=\"f96e707\" data-element_type=\"column\">\n\t\t\t<div class=\"elementor-widget-wrap elementor-element-populated\">\n\t\t\t\t\t\t\t\t<div class=\"elementor-element elementor-element-4e5192c elementor-widget elementor-widget-heading\" data-id=\"4e5192c\" data-element_type=\"widget\" data-widget_type=\"heading.default\">\n\t\t\t\t<div class=\"elementor-widget-container\">\n\t\t\t<h3 class=\"elementor-heading-title elementor-size-default\"><b>Mobilit\u00e9s, beaucoup de promesses non tenues et des travaux mal g\u00e9r\u00e9s<\/b><\/h3>\t\t<\/div>\n\t\t\t\t<\/div>\n\t\t\t\t\t<\/div>\n\t\t<\/div>\n\t\t\t\t<div class=\"elementor-column elementor-col-66 elementor-top-column elementor-element elementor-element-95e2555\" data-id=\"95e2555\" data-element_type=\"column\">\n\t\t\t<div class=\"elementor-widget-wrap elementor-element-populated\">\n\t\t\t\t\t\t\t\t<div class=\"elementor-element elementor-element-aae755c elementor-widget elementor-widget-text-editor\" data-id=\"aae755c\" data-element_type=\"widget\" data-widget_type=\"text-editor.default\">\n\t\t\t\t<div class=\"elementor-widget-container\">\n\t\t\t\t\t\t\t<div class=\"elementor-element elementor-element-97bc788 elementor-widget elementor-widget-text-editor\" data-id=\"97bc788\" data-element_type=\"widget\" data-widget_type=\"text-editor.default\"><div class=\"elementor-widget-container\">M\u00e9tro ligne 2, batobus sur la Seine et bus express vers Paris, promenade am\u00e9nag\u00e9e au bord de seine, tous promis par le maire, absents\u00a0! Les alternatives \u00e0 la voiture attendront. Au profit des mobilit\u00e9s inter-Suresnes\u00a0? Non plus. L\u2019AS (Autobus suresnois) manque de dessertes et de fr\u00e9quence, le plan v\u00e9lo est timide avec seulement +135 m\u00e8tres de bandes cyclables entre 2020 et 2024 et du surplace sur les am\u00e9nagenements des grands axes. Les travaux de partout contraignent et rendent dangereux les d\u00e9placements y compris sur les trottoirs, comme rue Rouget de Lisle ou \u00e0 la Croix du Roy. Le boulevard Henri Sellier combine plus que jamais congestion, pollution et dangerosit\u00e9.<\/div><\/div>\t\t\t\t\t\t<\/div>\n\t\t\t\t<\/div>\n\t\t\t\t\t<\/div>\n\t\t<\/div>\n\t\t\t\t\t\t\t<\/div>\n\t\t<\/section>\n\t\t\t\t<section class=\"elementor-section elementor-top-section elementor-element elementor-element-2226068 elementor-section-boxed elementor-section-height-default elementor-section-height-default\" data-id=\"2226068\" data-element_type=\"section\" data-settings=\"{&quot;background_background&quot;:&quot;classic&quot;}\">\n\t\t\t\t\t\t<div class=\"elementor-container elementor-column-gap-default\">\n\t\t\t\t\t<div class=\"elementor-column elementor-col-33 elementor-top-column elementor-element elementor-element-1cf0de6\" data-id=\"1cf0de6\" data-element_type=\"column\">\n\t\t\t<div class=\"elementor-widget-wrap elementor-element-populated\">\n\t\t\t\t\t\t\t\t<div class=\"elementor-element elementor-element-4e52bb2 elementor-widget elementor-widget-heading\" data-id=\"4e52bb2\" data-element_type=\"widget\" data-widget_type=\"heading.default\">\n\t\t\t\t<div class=\"elementor-widget-container\">\n\t\t\t<h3 class=\"elementor-heading-title elementor-size-default\"><b>Transition \u00e9cologique, l'absence de plan climat est irresponsable<\/b><\/h3>\t\t<\/div>\n\t\t\t\t<\/div>\n\t\t\t\t\t<\/div>\n\t\t<\/div>\n\t\t\t\t<div class=\"elementor-column elementor-col-66 elementor-top-column elementor-element elementor-element-32eabed\" data-id=\"32eabed\" data-element_type=\"column\">\n\t\t\t<div class=\"elementor-widget-wrap elementor-element-populated\">\n\t\t\t\t\t\t\t\t<div class=\"elementor-element elementor-element-8af3a2d elementor-widget elementor-widget-text-editor\" data-id=\"8af3a2d\" data-element_type=\"widget\" data-widget_type=\"text-editor.default\">\n\t\t\t\t<div class=\"elementor-widget-container\">\n\t\t\t\t\t\t\t<div class=\"elementor-element elementor-element-97bc788 elementor-widget elementor-widget-text-editor\" data-id=\"97bc788\" data-element_type=\"widget\" data-widget_type=\"text-editor.default\"><div class=\"elementor-widget-container\">Le maire promettait une maison du d\u00e9veloppement durable d\u00e8s 2022, une coul\u00e9e verte en 2024, un bilan de la biodiversit\u00e9, une charte haute qualit\u00e9 environnementale, des troph\u00e9es pour l\u2019\u00e9cologie, o\u00f9 sont-ils\u00a0?<br \/>Nous condamnons la baisse des subventions aux associations environnementales, l\u2019absence de plan climat local et absence de plan d\u2019adaptation du territoire au d\u00e9r\u00e9gl\u00e9ment climatique<br \/>Nous d\u00e9plorons le manque d\u2019investissement pour des projets qui engageront Suresnes pour longtemps, comme la r\u00e9novation du centre-ville. C\u2019est seulement 200,000 euros qui sont allou\u00e9s pour ce chantier en 2025 sur un budget de fonctionnement total de 165 millions d\u2019euros. Ridicule\u00a0!<br \/>Aux \u00eelots de fra\u00eecheur (arbres, fontaines, d\u00e9sartificialisation des sols), la mairie pr\u00e9f\u00e8re les \u00eelots de chaleur, le b\u00e9ton comme rue du F\u00e9cheray ou l\u2019esth\u00e9tisme des ceps de vignes aux arbres, qui pourraient faire de l\u2019ombre. Enfin, le quartier Ecluses-Belv\u00e9d\u00e8re aura un second square avec le square Saint-Exup\u00e9ry. Sur l\u2019ensemble de la ville de Suresnes, ce sont \u00e0 peine 200 arbres qui ont \u00e9t\u00e9 plant\u00e9s en 4 ans et des essences \u00e0 la hauteur limit\u00e9e, qui ne font pas d\u2019ombre.<br \/>Enfin, le co\u00fbt de collecte des d\u00e9chets est \u00e9lev\u00e9. La ville tarde \u00e0 installer les solutions de compost malgr\u00e9 la loi, ne change pas les fr\u00e9quences de collecte et ne lutte pas assez efficacement contre les d\u00e9p\u00f4ts sauvages. Cons\u00e9quence, les Suresnois se plaignent de la prolif\u00e9ration des rats.<\/div><\/div>\t\t\t\t\t\t<\/div>\n\t\t\t\t<\/div>\n\t\t\t\t\t<\/div>\n\t\t<\/div>\n\t\t\t\t\t\t\t<\/div>\n\t\t<\/section>\n\t\t\t\t<section class=\"elementor-section elementor-top-section elementor-element elementor-element-d2c2d07 elementor-section-boxed elementor-section-height-default elementor-section-height-default\" data-id=\"d2c2d07\" data-element_type=\"section\">\n\t\t\t\t\t\t<div class=\"elementor-container elementor-column-gap-default\">\n\t\t\t\t\t<div class=\"elementor-column elementor-col-33 elementor-top-column elementor-element elementor-element-52c6534\" data-id=\"52c6534\" data-element_type=\"column\">\n\t\t\t<div class=\"elementor-widget-wrap elementor-element-populated\">\n\t\t\t\t\t\t\t\t<div class=\"elementor-element elementor-element-4c962a3 elementor-widget elementor-widget-heading\" data-id=\"4c962a3\" data-element_type=\"widget\" data-widget_type=\"heading.default\">\n\t\t\t\t<div class=\"elementor-widget-container\">\n\t\t\t<h3 class=\"elementor-heading-title elementor-size-default\"><b>S\u00e9curit\u00e9, attention, vous \u00eates cern\u00e9s<\/b><\/h3>\t\t<\/div>\n\t\t\t\t<\/div>\n\t\t\t\t\t<\/div>\n\t\t<\/div>\n\t\t\t\t<div class=\"elementor-column elementor-col-66 elementor-top-column elementor-element elementor-element-bfe09e9\" data-id=\"bfe09e9\" data-element_type=\"column\">\n\t\t\t<div class=\"elementor-widget-wrap elementor-element-populated\">\n\t\t\t\t\t\t\t\t<div class=\"elementor-element elementor-element-193ea5f elementor-widget elementor-widget-text-editor\" data-id=\"193ea5f\" data-element_type=\"widget\" data-widget_type=\"text-editor.default\">\n\t\t\t\t<div class=\"elementor-widget-container\">\n\t\t\t\t\t\t\t<div class=\"elementor-element elementor-element-97bc788 elementor-widget elementor-widget-text-editor\" data-id=\"97bc788\" data-element_type=\"widget\" data-widget_type=\"text-editor.default\"><div class=\"elementor-widget-container\">Le poste de police promis dans le haut de Suresnes par Guillaume Boudy pendant la campagne des municipales est aux oubliettes. La police municipale semble \u00e9loign\u00e9e des habitants alors que la proximit\u00e9 est essentielle pour assurer la tranquillit\u00e9 de toutes et tous au quotidien.<br \/>Les investissements et co\u00fbts de fonctionnements des cam\u00e9ras explosent avec nos imp\u00f4ts.<br \/>Pour quel bilan objectif\u00a0? Pour quel taux d\u2019\u00e9lucidation ?<br \/>Les violences ont augment\u00e9 entre 2020 et 2024 comme les coups et blessures volontaires de plus de \u00a029% et le nombre de plaines pour violences sexuelles de + 252%. O\u00f9 sont les promesses de cr\u00e9ation de m\u00e9diateurs de rue pr\u00e9vue pour 2022, de r\u00e9sidences suffisantes pour prot\u00e9ger les femmes victimes de violences conjugales\u00a0?<\/div><\/div>\t\t\t\t\t\t<\/div>\n\t\t\t\t<\/div>\n\t\t\t\t\t<\/div>\n\t\t<\/div>\n\t\t\t\t\t\t\t<\/div>\n\t\t<\/section>\n\t\t\t\t<section class=\"elementor-section elementor-top-section elementor-element elementor-element-82391a2 elementor-section-boxed elementor-section-height-default elementor-section-height-default\" data-id=\"82391a2\" data-element_type=\"section\" data-settings=\"{&quot;background_background&quot;:&quot;classic&quot;}\">\n\t\t\t\t\t\t<div class=\"elementor-container elementor-column-gap-default\">\n\t\t\t\t\t<div class=\"elementor-column elementor-col-33 elementor-top-column elementor-element elementor-element-1b3102d\" data-id=\"1b3102d\" data-element_type=\"column\">\n\t\t\t<div class=\"elementor-widget-wrap elementor-element-populated\">\n\t\t\t\t\t\t\t\t<div class=\"elementor-element elementor-element-560a9bf elementor-widget elementor-widget-heading\" data-id=\"560a9bf\" data-element_type=\"widget\" data-widget_type=\"heading.default\">\n\t\t\t\t<div class=\"elementor-widget-container\">\n\t\t\t<h3 class=\"elementor-heading-title elementor-size-default\"><b>Sant\u00e9, ordonnance \u00e0 revoir<\/b><\/h3>\t\t<\/div>\n\t\t\t\t<\/div>\n\t\t\t\t\t<\/div>\n\t\t<\/div>\n\t\t\t\t<div class=\"elementor-column elementor-col-66 elementor-top-column elementor-element elementor-element-8444fc0\" data-id=\"8444fc0\" data-element_type=\"column\">\n\t\t\t<div class=\"elementor-widget-wrap elementor-element-populated\">\n\t\t\t\t\t\t\t\t<div class=\"elementor-element elementor-element-bae705c elementor-widget elementor-widget-text-editor\" data-id=\"bae705c\" data-element_type=\"widget\" data-widget_type=\"text-editor.default\">\n\t\t\t\t<div class=\"elementor-widget-container\">\n\t\t\t\t\t\t\t<div class=\"elementor-element elementor-element-97bc788 elementor-widget elementor-widget-text-editor\" data-id=\"97bc788\" data-element_type=\"widget\" data-widget_type=\"text-editor.default\"><div class=\"elementor-widget-container\">Trouver un p\u00e9diatre, un gyn\u00e9cologue, un dermatologue ou un psychiatre reste un vrai d\u00e9fi.<br \/>Les urgences de Foch sont surcharg\u00e9es par le manque de personnel \u00e0 tel point qu\u2019elles ont \u00e9t\u00e9 ferm\u00e9es \u00e0 l\u2019\u00e9t\u00e9 2024.<br \/>La situation critique \u00e0 la r\u00e9sidence de la Chesnaye perdure malgr\u00e9 la mobilisation des organisations syndicales. Le taux de d\u00e9part de soignants face \u00e0 la m\u00e9prise de la direction se fait au d\u00e9triment des r\u00e9sidents et de leur famille. L\u2019inaction du maire, pourtant \u00e0 son conseil d\u2019administration, est consternante.<br \/>Aucune construction de maison de retraite pendant le mandat contrairement \u00e0 la promesse du maire. Inqui\u00e9tant pour nos a\u00een\u00e9s<\/div><\/div>\t\t\t\t\t\t<\/div>\n\t\t\t\t<\/div>\n\t\t\t\t\t<\/div>\n\t\t<\/div>\n\t\t\t\t\t\t\t<\/div>\n\t\t<\/section>\n\t\t\t\t<section class=\"elementor-section elementor-top-section elementor-element elementor-element-fe1ec94 elementor-section-boxed elementor-section-height-default elementor-section-height-default\" data-id=\"fe1ec94\" data-element_type=\"section\">\n\t\t\t\t\t\t<div class=\"elementor-container elementor-column-gap-default\">\n\t\t\t\t\t<div class=\"elementor-column elementor-col-33 elementor-top-column elementor-element elementor-element-4723270\" data-id=\"4723270\" data-element_type=\"column\">\n\t\t\t<div class=\"elementor-widget-wrap elementor-element-populated\">\n\t\t\t\t\t\t\t\t<div class=\"elementor-element elementor-element-1f0b122 elementor-widget elementor-widget-heading\" data-id=\"1f0b122\" data-element_type=\"widget\" data-widget_type=\"heading.default\">\n\t\t\t\t<div class=\"elementor-widget-container\">\n\t\t\t<h3 class=\"elementor-heading-title elementor-size-default\"><b>Equipements sportifs, on coule !<\/b><\/h3>\t\t<\/div>\n\t\t\t\t<\/div>\n\t\t\t\t\t<\/div>\n\t\t<\/div>\n\t\t\t\t<div class=\"elementor-column elementor-col-66 elementor-top-column elementor-element elementor-element-e50a8d3\" data-id=\"e50a8d3\" data-element_type=\"column\">\n\t\t\t<div class=\"elementor-widget-wrap elementor-element-populated\">\n\t\t\t\t\t\t\t\t<div class=\"elementor-element elementor-element-d9d4269 elementor-widget elementor-widget-text-editor\" data-id=\"d9d4269\" data-element_type=\"widget\" data-widget_type=\"text-editor.default\">\n\t\t\t\t<div class=\"elementor-widget-container\">\n\t\t\t\t\t\t\t<div class=\"elementor-element elementor-element-97bc788 elementor-widget elementor-widget-text-editor\" data-id=\"97bc788\" data-element_type=\"widget\" data-widget_type=\"text-editor.default\"><div class=\"elementor-widget-container\">On coule\u00a0! Piscine d\u00e9pass\u00e9e dont on ne compte plus les fermetures sanitaires et techniques au d\u00e9triment des scolaires, travailleurs et r\u00e9sidants suresnois. A cela s\u2019ajoute l\u2019illusion d\u2019un bassin provisoire, aussi co\u00fbteux qu\u2019aberrant d\u2019un point de vue \u00e9cologique, \u00e0 l\u2019esplanade de l\u2019abb\u00e9 Franz Stock. Toujours pas de premi\u00e8re pierre du centre aquatique promis dans le contrat de mandat\u00a0!<br \/>Toutes les associations sportives de Suresnes jalousent la pena du Rugby Club Suresnois, la r\u00e9habilitation du terrain et de la tribune, alors qu\u2019elles redoublent d\u2019efforts pour f\u00e9miniser et d\u00e9velopper le handisport. Pour elles, difficile d\u2019avoir de la visibilit\u00e9 sur leurs subventions. <br \/>Les gymnases sont satur\u00e9s et posent des difficult\u00e9s tant pour les scolaires que pour les s\u00e9niors alors m\u00eame que l\u2019air est souvent pollu\u00e9 pour pratiquer du sport en ext\u00e9rieur.<br \/>Les cours d\u2019\u00e9coles restent ferm\u00e9es les weekends et pendant les vacances malgr\u00e9 le manque de gymnases<br \/><br \/><\/div><\/div>\t\t\t\t\t\t<\/div>\n\t\t\t\t<\/div>\n\t\t\t\t\t<\/div>\n\t\t<\/div>\n\t\t\t\t\t\t\t<\/div>\n\t\t<\/section>\n\t\t\t\t<section class=\"elementor-section elementor-top-section elementor-element elementor-element-884cd72 elementor-section-boxed elementor-section-height-default elementor-section-height-default\" data-id=\"884cd72\" data-element_type=\"section\" data-settings=\"{&quot;background_background&quot;:&quot;classic&quot;}\">\n\t\t\t\t\t\t<div class=\"elementor-container elementor-column-gap-default\">\n\t\t\t\t\t<div class=\"elementor-column elementor-col-33 elementor-top-column elementor-element elementor-element-c4f376a\" data-id=\"c4f376a\" data-element_type=\"column\">\n\t\t\t<div class=\"elementor-widget-wrap elementor-element-populated\">\n\t\t\t\t\t\t\t\t<div class=\"elementor-element elementor-element-54e6434 elementor-widget elementor-widget-heading\" data-id=\"54e6434\" data-element_type=\"widget\" data-widget_type=\"heading.default\">\n\t\t\t\t<div class=\"elementor-widget-container\">\n\t\t\t<h3 class=\"elementor-heading-title elementor-size-default\"><b>Economie, des ressources mal utilis\u00e9es<\/b><\/h3>\t\t<\/div>\n\t\t\t\t<\/div>\n\t\t\t\t\t<\/div>\n\t\t<\/div>\n\t\t\t\t<div class=\"elementor-column elementor-col-66 elementor-top-column elementor-element elementor-element-c9814bd\" data-id=\"c9814bd\" data-element_type=\"column\">\n\t\t\t<div class=\"elementor-widget-wrap elementor-element-populated\">\n\t\t\t\t\t\t\t\t<div class=\"elementor-element elementor-element-33ea742 elementor-widget elementor-widget-text-editor\" data-id=\"33ea742\" data-element_type=\"widget\" data-widget_type=\"text-editor.default\">\n\t\t\t\t<div class=\"elementor-widget-container\">\n\t\t\t\t\t\t\t<div data-id=\"97bc788\" data-element_type=\"widget\" data-widget_type=\"text-editor.default\"><div><p>Les Suresnois ont l\u2019impression qu\u2019on leur fait les poches avec des imp\u00f4ts et taxes locaux qui ont fortement augment\u00e9s entre 2020 et 2025.<\/p><\/div><\/div><p>Pour certaines familles, c\u2019est le rationnement des quantit\u00e9s \u00e0 la cantine, pour d\u2019autres, le racket organis\u00e9, avec des amendes de stationnement qui ont \u00e9t\u00e9 multipli\u00e9es par 4 entre 2020 et 2024. Au lieu de sanctionner les stationnements dangereux, les d\u00e9p\u00f4ts de d\u00e9chets sauvages et les incivilit\u00e9s, le maire pr\u00e9f\u00e8re faire la traque aux PV et rendre payantes toutes les places de parking.<br \/>5 ans de mandat et toujours pas de tiers lieu, ni p\u00e9pini\u00e8re d\u2019entreprises, ni lieu de coworking malgr\u00e9 les promesses faites. La soir\u00e9e annuelle des entreprises de Suresnes n\u2019est toujours pas en place.<br \/>Malgr\u00e9 les attentes fortes des Suresnois de commerce de proximit\u00e9, 91 commerces \u00e0 c\u00e9der ou \u00e0 vendre en mai 2025.<br \/>Ce n\u2019est pourtant pas un probl\u00e8me de budget qui emp\u00eacherait de bien investir et d\u2019assurer le bon niveau de services aux Suresnois. En effet le budget de Suresnes pour 2024 \u00e9tait de 165 millions d\u2019euros, soit 15% de plus que le budget par habitant de Saint Cloud et 10% de plus que celui de Boulogne. C\u2019est un probl\u00e8me de choix politique\u00a0!<\/p>\t\t\t\t\t\t<\/div>\n\t\t\t\t<\/div>\n\t\t\t\t\t<\/div>\n\t\t<\/div>\n\t\t\t\t\t\t\t<\/div>\n\t\t<\/section>\n\t\t\t\t<section class=\"elementor-section elementor-top-section elementor-element elementor-element-13ef693 elementor-section-boxed elementor-section-height-default elementor-section-height-default\" data-id=\"13ef693\" data-element_type=\"section\">\n\t\t\t\t\t\t<div class=\"elementor-container elementor-column-gap-default\">\n\t\t\t\t\t<div class=\"elementor-column elementor-col-33 elementor-top-column elementor-element elementor-element-5aaf301\" data-id=\"5aaf301\" data-element_type=\"column\">\n\t\t\t<div class=\"elementor-widget-wrap elementor-element-populated\">\n\t\t\t\t\t\t\t\t<div class=\"elementor-element elementor-element-57f055f elementor-widget elementor-widget-heading\" data-id=\"57f055f\" data-element_type=\"widget\" data-widget_type=\"heading.default\">\n\t\t\t\t<div class=\"elementor-widget-container\">\n\t\t\t<h3 class=\"elementor-heading-title elementor-size-default\"><b>Une \u00e9quipe municipale qui fait semblant d'\u00e9couter<\/b><\/h3>\t\t<\/div>\n\t\t\t\t<\/div>\n\t\t\t\t\t<\/div>\n\t\t<\/div>\n\t\t\t\t<div class=\"elementor-column elementor-col-66 elementor-top-column elementor-element elementor-element-c2a36dc\" data-id=\"c2a36dc\" data-element_type=\"column\">\n\t\t\t<div class=\"elementor-widget-wrap elementor-element-populated\">\n\t\t\t\t\t\t\t\t<div class=\"elementor-element elementor-element-fac2e32 elementor-widget elementor-widget-text-editor\" data-id=\"fac2e32\" data-element_type=\"widget\" data-widget_type=\"text-editor.default\">\n\t\t\t\t<div class=\"elementor-widget-container\">\n\t\t\t\t\t\t\tNous saluons la possibilit\u00e9 de parler directement aux \u00e9lus via la mairie mobile, mais le mieux serait d\u2019avoir des r\u00e9ponses de leur part.<br>Nous d\u00e9plorons la suppression de la moiti\u00e9 des panneaux d\u2019affichage libre. N\u2019est-ce pas l\u00e0 un signal contradictoire quand on pr\u00e9tend promouvoir la d\u00e9mocratie&nbsp;? Les bilans annuels par quartier promis par le maire dans son contrat de mandat ne sont pas mis en place.<br>Que dire des outils de d\u00e9mocratie participative&nbsp;? Le conseil des a\u00een\u00e9s promis est toujours \u00e0 l\u2019\u00e9tat de promesse, ce qui n\u2019emp\u00eache pas la ville de se lancer dans l\u2019obtention d\u2019un label ville \u00ab&nbsp;amie des a\u00een\u00e9s&nbsp;\u00bb. Le conseil \u00e9conomique, social et environnement de Suresnes (CESES) a produit 2 travaux en 5 ans. Les conseils de quartier (CQ) sont opaques dans leur d\u00e9signation, ferm\u00e9s et les derniers comptes-rendus datent d\u20191 an. Ces derniers d\u00e9montrent combien les id\u00e9es sont impos\u00e9es par la mairie, sans r\u00e9elle contribution des citoyennes et des citoyens.<br>Le budget participatif a \u00e9t\u00e9 annul\u00e9 l\u2019an dernier. Il faut dire que les laur\u00e9ats doivent attendre fort longtemps pour voir leurs projets r\u00e9alis\u00e9s apr\u00e8s un parcours du combattant pour que leur id\u00e9e soit soumise (ou pas) au vote des Suresnois.<br>De la communication avant tout. Pas \u00e9tonnant quand on sait que l\u2019adjointe \u00e0 la d\u00e9mocratie participative est \u00e9galement adjointe \u00e0 la communication&nbsp;!\t\t\t\t\t\t<\/div>\n\t\t\t\t<\/div>\n\t\t\t\t\t<\/div>\n\t\t<\/div>\n\t\t\t\t\t\t\t<\/div>\n\t\t<\/section>\n\t\t\t\t\t\t\t<\/div>\n\t\t","protected":false},"excerpt":{"rendered":"<p>2020-2026 : un bilan municipal en trompe l&#8217;oeil Ce bilan rappelle les promesses de M. Guillaume Boudy pour une ville solidaire, conviviale, durable, innovante. Nous avons analys\u00e9 dans le d\u00e9tail les engagements du maire, apr\u00e8s 5 ans de mandat. R\u00e9sultat, une politique r\u00e9elle faite encore et toujours, comme son pr\u00e9d\u00e9cesseur, au d\u00e9triment de la classe [&hellip;]<\/p>\n","protected":false},"author":2,"featured_media":0,"parent":0,"menu_order":0,"comment_status":"closed","ping_status":"closed","template":"","meta":{"om_disable_all_campaigns":false,"_mi_skip_tracking":false,"site-sidebar-layout":"no-sidebar","site-content-layout":"page-builder","ast-site-content-layout":"full-width-container","site-content-style":"default","site-sidebar-style":"default","ast-global-header-display":"","ast-banner-title-visibility":"","ast-main-header-display":"","ast-hfb-above-header-display":"","ast-hfb-below-header-display":"","ast-hfb-mobile-header-display":"","site-post-title":"disabled","ast-breadcrumbs-content":"","ast-featured-img":"disabled","footer-sml-layout":"","theme-transparent-header-meta":"","adv-header-id-meta":"","stick-header-meta":"","header-above-stick-meta":"","header-main-stick-meta":"","header-below-stick-meta":"","astra-migrate-meta-layouts":"set","ast-page-background-enabled":"default","ast-page-background-meta":{"desktop":{"background-color":"","background-image":"","background-repeat":"repeat","background-position":"center center","background-size":"auto","background-attachment":"scroll","background-type":"","background-media":"","overlay-type":"","overlay-color":"","overlay-opacity":"","overlay-gradient":""},"tablet":{"background-color":"","background-image":"","background-repeat":"repeat","background-position":"center center","background-size":"auto","background-attachment":"scroll","background-type":"","background-media":"","overlay-type":"","overlay-color":"","overlay-opacity":"","overlay-gradient":""},"mobile":{"background-color":"","background-image":"","background-repeat":"repeat","background-position":"center center","background-size":"auto","background-attachment":"scroll","background-type":"","background-media":"","overlay-type":"","overlay-color":"","overlay-opacity":"","overlay-gradient":""}},"ast-content-background-meta":{"desktop":{"background-color":"var(--ast-global-color-5)","background-image":"","background-repeat":"repeat","background-position":"center center","background-size":"auto","background-attachment":"scroll","background-type":"","background-media":"","overlay-type":"","overlay-color":"","overlay-opacity":"","overlay-gradient":""},"tablet":{"background-color":"var(--ast-global-color-5)","background-image":"","background-repeat":"repeat","background-position":"center center","background-size":"auto","background-attachment":"scroll","background-type":"","background-media":"","overlay-type":"","overlay-color":"","overlay-opacity":"","overlay-gradient":""},"mobile":{"background-color":"var(--ast-global-color-5)","background-image":"","background-repeat":"repeat","background-position":"center center","background-size":"auto","background-attachment":"scroll","background-type":"","background-media":"","overlay-type":"","overlay-color":"","overlay-opacity":"","overlay-gradient":""}},"footnotes":""},"class_list":["post-3853","page","type-page","status-publish","hentry"],"aioseo_notices":[],"_links":{"self":[{"href":"https:\/\/suresnes-sociale-\u00e9cologique.fr\/index.php?rest_route=\/wp\/v2\/pages\/3853","targetHints":{"allow":["GET"]}}],"collection":[{"href":"https:\/\/suresnes-sociale-\u00e9cologique.fr\/index.php?rest_route=\/wp\/v2\/pages"}],"about":[{"href":"https:\/\/suresnes-sociale-\u00e9cologique.fr\/index.php?rest_route=\/wp\/v2\/types\/page"}],"author":[{"embeddable":true,"href":"https:\/\/suresnes-sociale-\u00e9cologique.fr\/index.php?rest_route=\/wp\/v2\/users\/2"}],"replies":[{"embeddable":true,"href":"https:\/\/suresnes-sociale-\u00e9cologique.fr\/index.php?rest_route=%2Fwp%2Fv2%2Fcomments&post=3853"}],"version-history":[{"count":35,"href":"https:\/\/suresnes-sociale-\u00e9cologique.fr\/index.php?rest_route=\/wp\/v2\/pages\/3853\/revisions"}],"predecessor-version":[{"id":3959,"href":"https:\/\/suresnes-sociale-\u00e9cologique.fr\/index.php?rest_route=\/wp\/v2\/pages\/3853\/revisions\/3959"}],"wp:attachment":[{"href":"https:\/\/suresnes-sociale-\u00e9cologique.fr\/index.php?rest_route=%2Fwp%2Fv2%2Fmedia&parent=3853"}],"curies":[{"name":"wp","href":"https:\/\/api.w.org\/{rel}","templated":true}]}}