{"id":393,"date":"2021-03-08T09:01:41","date_gmt":"2021-03-08T09:01:41","guid":{"rendered":"http:\/\/xn--suresnes-sociale-cologique-rlc.fr\/?page_id=393"},"modified":"2026-02-14T16:29:27","modified_gmt":"2026-02-14T16:29:27","slug":"qui-sommes-nous","status":"publish","type":"page","link":"https:\/\/suresnes-sociale-\u00e9cologique.fr\/?page_id=393","title":{"rendered":"Qui sommes-nous ?"},"content":{"rendered":"\t\t<div data-elementor-type=\"wp-page\" data-elementor-id=\"393\" class=\"elementor elementor-393\">\n\t\t\t\t\t\t\t\t\t<section class=\"elementor-section elementor-top-section elementor-element elementor-element-36063ac elementor-section-boxed elementor-section-height-default elementor-section-height-default\" data-id=\"36063ac\" data-element_type=\"section\" data-settings=\"{&quot;background_background&quot;:&quot;classic&quot;}\">\n\t\t\t\t\t\t<div class=\"elementor-container elementor-column-gap-no\">\n\t\t\t\t\t<div class=\"elementor-column elementor-col-100 elementor-top-column elementor-element elementor-element-3649939\" data-id=\"3649939\" data-element_type=\"column\">\n\t\t\t<div class=\"elementor-widget-wrap elementor-element-populated\">\n\t\t\t\t\t\t\t\t<div class=\"elementor-element elementor-element-cb41bde elementor-widget elementor-widget-spacer\" data-id=\"cb41bde\" data-element_type=\"widget\" data-widget_type=\"spacer.default\">\n\t\t\t\t<div class=\"elementor-widget-container\">\n\t\t\t<style>\/*! elementor - v3.8.0 - 30-10-2022 *\/\n.elementor-column .elementor-spacer-inner{height:var(--spacer-size)}.e-con{--container-widget-width:100%}.e-con-inner>.elementor-widget-spacer,.e-con>.elementor-widget-spacer{width:var(--container-widget-width,var(--spacer-size));-ms-flex-item-align:stretch;align-self:stretch;-ms-flex-negative:0;flex-shrink:0}.e-con-inner>.elementor-widget-spacer>.elementor-widget-container,.e-con-inner>.elementor-widget-spacer>.elementor-widget-container>.elementor-spacer,.e-con>.elementor-widget-spacer>.elementor-widget-container,.e-con>.elementor-widget-spacer>.elementor-widget-container>.elementor-spacer{height:100%}.e-con-inner>.elementor-widget-spacer>.elementor-widget-container>.elementor-spacer>.elementor-spacer-inner,.e-con>.elementor-widget-spacer>.elementor-widget-container>.elementor-spacer>.elementor-spacer-inner{height:var(--container-widget-height,var(--spacer-size))}<\/style>\t\t<div class=\"elementor-spacer\">\n\t\t\t<div class=\"elementor-spacer-inner\"><\/div>\n\t\t<\/div>\n\t\t\t\t<\/div>\n\t\t\t\t<\/div>\n\t\t\t\t\t<\/div>\n\t\t<\/div>\n\t\t\t\t\t\t\t<\/div>\n\t\t<\/section>\n\t\t\t\t<section class=\"elementor-section elementor-top-section elementor-element elementor-element-710ec56 elementor-section-boxed elementor-section-height-default elementor-section-height-default\" data-id=\"710ec56\" data-element_type=\"section\" data-settings=\"{&quot;background_background&quot;:&quot;classic&quot;}\">\n\t\t\t\t\t\t<div class=\"elementor-container elementor-column-gap-default\">\n\t\t\t\t\t<div class=\"elementor-column elementor-col-100 elementor-top-column elementor-element elementor-element-1b04ece\" data-id=\"1b04ece\" data-element_type=\"column\">\n\t\t\t<div class=\"elementor-widget-wrap elementor-element-populated\">\n\t\t\t\t\t\t\t\t<div class=\"elementor-element elementor-element-2acc766 elementor-widget elementor-widget-heading\" data-id=\"2acc766\" data-element_type=\"widget\" data-widget_type=\"heading.default\">\n\t\t\t\t<div class=\"elementor-widget-container\">\n\t\t\t<style>\/*! elementor - v3.8.0 - 30-10-2022 *\/\n.elementor-heading-title{padding:0;margin:0;line-height:1}.elementor-widget-heading .elementor-heading-title[class*=elementor-size-]>a{color:inherit;font-size:inherit;line-height:inherit}.elementor-widget-heading .elementor-heading-title.elementor-size-small{font-size:15px}.elementor-widget-heading .elementor-heading-title.elementor-size-medium{font-size:19px}.elementor-widget-heading .elementor-heading-title.elementor-size-large{font-size:29px}.elementor-widget-heading .elementor-heading-title.elementor-size-xl{font-size:39px}.elementor-widget-heading .elementor-heading-title.elementor-size-xxl{font-size:59px}<\/style><h2 class=\"elementor-heading-title elementor-size-default\">Les membres du collectif<\/h2>\t\t<\/div>\n\t\t\t\t<\/div>\n\t\t\t\t<div class=\"elementor-element elementor-element-35c9de0 elementor-widget elementor-widget-text-editor\" data-id=\"35c9de0\" data-element_type=\"widget\" data-widget_type=\"text-editor.default\">\n\t\t\t\t<div class=\"elementor-widget-container\">\n\t\t\t<style>\/*! elementor - v3.8.0 - 30-10-2022 *\/\n.elementor-widget-text-editor.elementor-drop-cap-view-stacked .elementor-drop-cap{background-color:#818a91;color:#fff}.elementor-widget-text-editor.elementor-drop-cap-view-framed .elementor-drop-cap{color:#818a91;border:3px solid;background-color:transparent}.elementor-widget-text-editor:not(.elementor-drop-cap-view-default) .elementor-drop-cap{margin-top:8px}.elementor-widget-text-editor:not(.elementor-drop-cap-view-default) .elementor-drop-cap-letter{width:1em;height:1em}.elementor-widget-text-editor .elementor-drop-cap{float:left;text-align:center;line-height:1;font-size:50px}.elementor-widget-text-editor .elementor-drop-cap-letter{display:inline-block}<\/style>\t\t\t\t<p>Nous sommes un collectif de suresnoises et de suresnois engag\u00e9s dans la vie politique et associative. Nous portons le projet d&#8217;une ville plus soucieuse du bien-\u00eatre de ses habitantes et habitants, plus solidaire et organis\u00e9e pour lutter contre le d\u00e9r\u00e8glement climatique.<br \/>Suresnes est une ville riche et dynamique. Nagu\u00e8re ville agricole puis ouvri\u00e8re, elle a vu son urbanisme et sa population changer radicalement. Les berges arbor\u00e9es ont fait place au b\u00e9ton, l&#8217;individualisme \u00e0 remplacer le sens de la solidarit\u00e9. Nous pensons qu&#8217;un autre futur est possible pour nous toutes et nous tous, pour nos enfants, nos petits-enfants, si on s&#8217;en donne la peine.<br \/>Si vous partagez cette envie, si vous ne voulez plus subir la vie publique et \u00eatre entendu.e, rejoignez notre collectif sans attendre. \u00c7a urge!<\/p>\t\t\t\t\t\t<\/div>\n\t\t\t\t<\/div>\n\t\t\t\t<div class=\"elementor-element elementor-element-ad17a02 elementor-widget elementor-widget-spacer\" data-id=\"ad17a02\" data-element_type=\"widget\" data-widget_type=\"spacer.default\">\n\t\t\t\t<div class=\"elementor-widget-container\">\n\t\t\t\t\t<div class=\"elementor-spacer\">\n\t\t\t<div class=\"elementor-spacer-inner\"><\/div>\n\t\t<\/div>\n\t\t\t\t<\/div>\n\t\t\t\t<\/div>\n\t\t\t\t\t<\/div>\n\t\t<\/div>\n\t\t\t\t\t\t\t<\/div>\n\t\t<\/section>\n\t\t\t\t<section class=\"elementor-section elementor-top-section elementor-element elementor-element-277c312 elementor-section-boxed elementor-section-height-default elementor-section-height-default\" data-id=\"277c312\" data-element_type=\"section\">\n\t\t\t\t\t\t<div class=\"elementor-container elementor-column-gap-default\">\n\t\t\t\t\t<div class=\"elementor-column elementor-col-33 elementor-top-column elementor-element elementor-element-265b8e2\" data-id=\"265b8e2\" data-element_type=\"column\">\n\t\t\t<div class=\"elementor-widget-wrap elementor-element-populated\">\n\t\t\t\t\t\t\t\t<div class=\"elementor-element elementor-element-a5ecae3 elementor-position-left elementor-vertical-align-top elementor-widget elementor-widget-image-box\" data-id=\"a5ecae3\" data-element_type=\"widget\" data-widget_type=\"image-box.default\">\n\t\t\t\t<div class=\"elementor-widget-container\">\n\t\t\t<style>\/*! elementor - v3.8.0 - 30-10-2022 *\/\n.elementor-widget-image-box .elementor-image-box-content{width:100%}@media (min-width:768px){.elementor-widget-image-box.elementor-position-left .elementor-image-box-wrapper,.elementor-widget-image-box.elementor-position-right .elementor-image-box-wrapper{display:-webkit-box;display:-ms-flexbox;display:flex}.elementor-widget-image-box.elementor-position-right .elementor-image-box-wrapper{text-align:right;-webkit-box-orient:horizontal;-webkit-box-direction:reverse;-ms-flex-direction:row-reverse;flex-direction:row-reverse}.elementor-widget-image-box.elementor-position-left .elementor-image-box-wrapper{text-align:left;-webkit-box-orient:horizontal;-webkit-box-direction:normal;-ms-flex-direction:row;flex-direction:row}.elementor-widget-image-box.elementor-position-top .elementor-image-box-img{margin:auto}.elementor-widget-image-box.elementor-vertical-align-top .elementor-image-box-wrapper{-webkit-box-align:start;-ms-flex-align:start;align-items:flex-start}.elementor-widget-image-box.elementor-vertical-align-middle .elementor-image-box-wrapper{-webkit-box-align:center;-ms-flex-align:center;align-items:center}.elementor-widget-image-box.elementor-vertical-align-bottom .elementor-image-box-wrapper{-webkit-box-align:end;-ms-flex-align:end;align-items:flex-end}}@media (max-width:767px){.elementor-widget-image-box .elementor-image-box-img{margin-left:auto!important;margin-right:auto!important;margin-bottom:15px}}.elementor-widget-image-box .elementor-image-box-img{display:inline-block}.elementor-widget-image-box .elementor-image-box-title a{color:inherit}.elementor-widget-image-box .elementor-image-box-wrapper{text-align:center}.elementor-widget-image-box .elementor-image-box-description{margin:0}<\/style><div class=\"elementor-image-box-wrapper\"><figure class=\"elementor-image-box-img\"><img loading=\"lazy\" decoding=\"async\" width=\"150\" height=\"150\" src=\"https:\/\/suresnes-sociale-\u00e9cologique.fr\/wp-content\/uploads\/2023\/01\/G.Cailloux-150x150.jpg\" class=\"attachment-thumbnail size-thumbnail\" alt=\"\" \/><\/figure><div class=\"elementor-image-box-content\"><h3 class=\"elementor-image-box-title\">Gis\u00e8le Cailloux<\/h3><\/div><\/div>\t\t<\/div>\n\t\t\t\t<\/div>\n\t\t\t\t<div class=\"elementor-element elementor-element-c779a54 elementor-widget elementor-widget-text-editor\" data-id=\"c779a54\" data-element_type=\"widget\" data-widget_type=\"text-editor.default\">\n\t\t\t\t<div class=\"elementor-widget-container\">\n\t\t\t\t\t\t\t<p style=\"text-align: left;\">Parti Communiste<\/p><p>Pour faire toujours plus de profits les capitalistes exploitent les femmes et les hommes, et d\u00e9truisent la vie sur la plan\u00e8te. Il faut changer cela pour nous, pour nos enfants. C&#8217;est ce qui m&#8217;a conduit \u00e0 devenir communiste.<\/p><p>Suresnoise depuis plus de 50 ans, j&#8217;ai \u00e9t\u00e9 conseill\u00e8re municipale, d\u00e9put\u00e9e suppl\u00e9ante de Jacqueline Fraysse. Avec vous mon combat continue !\u00a0<\/p>\t\t\t\t\t\t<\/div>\n\t\t\t\t<\/div>\n\t\t\t\t\t<\/div>\n\t\t<\/div>\n\t\t\t\t<div class=\"elementor-column elementor-col-33 elementor-top-column elementor-element elementor-element-f9dd90d\" data-id=\"f9dd90d\" data-element_type=\"column\">\n\t\t\t<div class=\"elementor-widget-wrap elementor-element-populated\">\n\t\t\t\t\t\t\t\t<div class=\"elementor-element elementor-element-c246f01 elementor-position-left elementor-vertical-align-top elementor-widget elementor-widget-image-box\" data-id=\"c246f01\" data-element_type=\"widget\" data-widget_type=\"image-box.default\">\n\t\t\t\t<div class=\"elementor-widget-container\">\n\t\t\t<div class=\"elementor-image-box-wrapper\"><figure class=\"elementor-image-box-img\"><img loading=\"lazy\" decoding=\"async\" width=\"150\" height=\"150\" src=\"https:\/\/suresnes-sociale-\u00e9cologique.fr\/wp-content\/uploads\/2025\/04\/IMG_5526-150x150.jpeg\" class=\"attachment-thumbnail size-thumbnail\" alt=\"\" \/><\/figure><div class=\"elementor-image-box-content\"><h3 class=\"elementor-image-box-title\">Cl\u00e9ment Pinson<\/h3><\/div><\/div>\t\t<\/div>\n\t\t\t\t<\/div>\n\t\t\t\t<div class=\"elementor-element elementor-element-ee765fa elementor-widget elementor-widget-text-editor\" data-id=\"ee765fa\" data-element_type=\"widget\" data-widget_type=\"text-editor.default\">\n\t\t\t\t<div class=\"elementor-widget-container\">\n\t\t\t\t\t\t\t<p>Parti Socialiste<\/p><p>Engag\u00e9 pour que les citoyennes et citoyens soient acteurs de la vie publique.<\/p><p>&#8220;\u00catre de gauche, c\u2019est penser que le bien\u00a0commun prime sur les aspirations personnelles et la propri\u00e9t\u00e9 individuelle.&#8221;<\/p><p><br \/>Habitant de Suresnes depuis 3 ans, originaire de Nantes.<br \/>2 enfants, cadre dans l&#8217;industrie automobile.<\/p>\t\t\t\t\t\t<\/div>\n\t\t\t\t<\/div>\n\t\t\t\t\t<\/div>\n\t\t<\/div>\n\t\t\t\t<div class=\"elementor-column elementor-col-33 elementor-top-column elementor-element elementor-element-0c32a44\" data-id=\"0c32a44\" data-element_type=\"column\">\n\t\t\t<div class=\"elementor-widget-wrap elementor-element-populated\">\n\t\t\t\t\t\t\t\t<div class=\"elementor-element elementor-element-35c6d3a elementor-position-left elementor-vertical-align-top elementor-widget elementor-widget-image-box\" data-id=\"35c6d3a\" data-element_type=\"widget\" data-widget_type=\"image-box.default\">\n\t\t\t\t<div class=\"elementor-widget-container\">\n\t\t\t<div class=\"elementor-image-box-wrapper\"><figure class=\"elementor-image-box-img\"><img loading=\"lazy\" decoding=\"async\" width=\"150\" height=\"150\" src=\"https:\/\/suresnes-sociale-\u00e9cologique.fr\/wp-content\/uploads\/2023\/01\/Jerome-150x150.jpg\" class=\"attachment-thumbnail size-thumbnail\" alt=\"\" \/><\/figure><div class=\"elementor-image-box-content\"><h3 class=\"elementor-image-box-title\">J\u00e9r\u00f4me Pellerin<\/h3><\/div><\/div>\t\t<\/div>\n\t\t\t\t<\/div>\n\t\t\t\t<div class=\"elementor-element elementor-element-dd96b3c elementor-widget elementor-widget-text-editor\" data-id=\"dd96b3c\" data-element_type=\"widget\" data-widget_type=\"text-editor.default\">\n\t\t\t\t<div class=\"elementor-widget-container\">\n\t\t\t\t\t\t\t<p><span style=\"font-size: 1rem;\">G\u00e9n\u00e9ration Ecologie.<\/span><\/p><p>D\u00e9put\u00e9 suppl\u00e9ant de Suresnes et Nanterre depuis 2022, r\u00e9\u00e9lu en 2024<\/p><p>Engag\u00e9 dans plusieurs associations suresnoises : pour la promotion du v\u00e9lo, pour la transition \u00e9cologiste, pour promouvoir l\u2019\u00e9cole gratuite la\u00efque et inclusive, pour la solidarit\u00e9 envers les plus d\u00e9munis ou pour l\u2019accueil des r\u00e9fugi\u00e9s.<\/p><p>J&#8217;accompagne les demandeurs d&#8217;emploi \u00e0 rebondir et les salari\u00e9s \u00e0 s&#8217;\u00e9panouir dans leur travail.<\/p>\t\t\t\t\t\t<\/div>\n\t\t\t\t<\/div>\n\t\t\t\t\t<\/div>\n\t\t<\/div>\n\t\t\t\t\t\t\t<\/div>\n\t\t<\/section>\n\t\t\t\t<section class=\"elementor-section elementor-top-section elementor-element elementor-element-9f4aafb elementor-section-boxed elementor-section-height-default elementor-section-height-default\" data-id=\"9f4aafb\" data-element_type=\"section\">\n\t\t\t\t\t\t<div class=\"elementor-container elementor-column-gap-default\">\n\t\t\t\t\t<div class=\"elementor-column elementor-col-33 elementor-top-column elementor-element elementor-element-a98c16a\" data-id=\"a98c16a\" data-element_type=\"column\">\n\t\t\t<div class=\"elementor-widget-wrap elementor-element-populated\">\n\t\t\t\t\t\t\t\t<div class=\"elementor-element elementor-element-bb5270e elementor-position-left elementor-vertical-align-top elementor-widget elementor-widget-image-box\" data-id=\"bb5270e\" data-element_type=\"widget\" data-widget_type=\"image-box.default\">\n\t\t\t\t<div class=\"elementor-widget-container\">\n\t\t\t<div class=\"elementor-image-box-wrapper\"><figure class=\"elementor-image-box-img\"><img loading=\"lazy\" decoding=\"async\" width=\"150\" height=\"150\" src=\"https:\/\/suresnes-sociale-\u00e9cologique.fr\/wp-content\/uploads\/2023\/01\/jacques-3-150x150.jpg\" class=\"attachment-thumbnail size-thumbnail\" alt=\"\" \/><\/figure><div class=\"elementor-image-box-content\"><h3 class=\"elementor-image-box-title\">Jacques Moulin<\/h3><\/div><\/div>\t\t<\/div>\n\t\t\t\t<\/div>\n\t\t\t\t<div class=\"elementor-element elementor-element-262affc elementor-widget elementor-widget-text-editor\" data-id=\"262affc\" data-element_type=\"widget\" data-widget_type=\"text-editor.default\">\n\t\t\t\t<div class=\"elementor-widget-container\">\n\t\t\t\t\t\t\t<p>Militant \u00e9cologiste (EELV)<\/p>\n<p>Suresnois depuis 1996<\/p>\n<p>Candidat aux d\u00e9partementales et au conseil municipal&nbsp;<\/p>\n<p>Militant associatif : Droits Humains, Aide Alimentaire<\/p>\n<p>Membre du CQ R\u00e9publique et du CESES<\/p>\n<p>Cr\u00e9ateur du jardin p\u00e9dagogique Parc du Ch\u00e2teau<\/p>\n<p>Ancien d\u00e9l\u00e9gu\u00e9 syndical et secr\u00e9taire de CE<\/p>\n<p>Adapter Suresnes au r\u00e9chauffement climatique et ne pas abandonner celles et ceux qui y vivent difficilement&nbsp;<\/p>\t\t\t\t\t\t<\/div>\n\t\t\t\t<\/div>\n\t\t\t\t\t<\/div>\n\t\t<\/div>\n\t\t\t\t<div class=\"elementor-column elementor-col-33 elementor-top-column elementor-element elementor-element-7899caf\" data-id=\"7899caf\" data-element_type=\"column\">\n\t\t\t<div class=\"elementor-widget-wrap elementor-element-populated\">\n\t\t\t\t\t\t\t\t<div class=\"elementor-element elementor-element-8986b71 elementor-position-left elementor-vertical-align-top elementor-widget elementor-widget-image-box\" data-id=\"8986b71\" data-element_type=\"widget\" data-widget_type=\"image-box.default\">\n\t\t\t\t<div class=\"elementor-widget-container\">\n\t\t\t<div class=\"elementor-image-box-wrapper\"><figure class=\"elementor-image-box-img\"><img loading=\"lazy\" decoding=\"async\" width=\"150\" height=\"150\" src=\"https:\/\/suresnes-sociale-\u00e9cologique.fr\/wp-content\/uploads\/2022\/12\/photo-Adrien-150x150.jpg\" class=\"attachment-thumbnail size-thumbnail\" alt=\"\" \/><\/figure><div class=\"elementor-image-box-content\"><h3 class=\"elementor-image-box-title\">Adrien Semp\u00e9<\/h3><\/div><\/div>\t\t<\/div>\n\t\t\t\t<\/div>\n\t\t\t\t<div class=\"elementor-element elementor-element-29d7a9b elementor-widget elementor-widget-text-editor\" data-id=\"29d7a9b\" data-element_type=\"widget\" data-widget_type=\"text-editor.default\">\n\t\t\t\t<div class=\"elementor-widget-container\">\n\t\t\t\t\t\t\t<p>La France Insoumise<\/p><p>Je suis Adrien Semp\u00e9 et je suis coordinateur du groupe de la France insoumise \u00e0 Suresnes.<\/p><p>J\u2019enseigne en \u00e9cole primaire depuis maintenant 7 ans.\u00a0<\/p><p>Je suis membre de l\u2019association Attac avec laquelle je m\u00eale activisme et \u00e9ducation populaire.<\/p><p>Militant de gauche convaincu, j\u2019ai aussi d\u2019autres passions que la politique comme le cin\u00e9ma, le football mais aussi les voyages avec faible empreinte carbone.\u00a0<\/p>\t\t\t\t\t\t<\/div>\n\t\t\t\t<\/div>\n\t\t\t\t\t<\/div>\n\t\t<\/div>\n\t\t\t\t<div class=\"elementor-column elementor-col-33 elementor-top-column elementor-element elementor-element-28865a0\" data-id=\"28865a0\" data-element_type=\"column\">\n\t\t\t<div class=\"elementor-widget-wrap elementor-element-populated\">\n\t\t\t\t\t\t\t\t<div class=\"elementor-element elementor-element-6e82840 elementor-position-left elementor-vertical-align-top elementor-widget elementor-widget-image-box\" data-id=\"6e82840\" data-element_type=\"widget\" data-widget_type=\"image-box.default\">\n\t\t\t\t<div class=\"elementor-widget-container\">\n\t\t\t<div class=\"elementor-image-box-wrapper\"><figure class=\"elementor-image-box-img\"><img loading=\"lazy\" decoding=\"async\" width=\"150\" height=\"150\" src=\"https:\/\/suresnes-sociale-\u00e9cologique.fr\/wp-content\/uploads\/2025\/05\/Paule-150x150.jpg\" class=\"attachment-thumbnail size-thumbnail\" alt=\"\" \/><\/figure><div class=\"elementor-image-box-content\"><h3 class=\"elementor-image-box-title\">Paule Ballut<\/h3><\/div><\/div>\t\t<\/div>\n\t\t\t\t<\/div>\n\t\t\t\t<div class=\"elementor-element elementor-element-cf6df90 elementor-widget elementor-widget-text-editor\" data-id=\"cf6df90\" data-element_type=\"widget\" data-widget_type=\"text-editor.default\">\n\t\t\t\t<div class=\"elementor-widget-container\">\n\t\t\t\t\t\t\t<p>Parti Communiste<br \/>Je suis n\u00e9e \u00e0 Suresnes, mes trois enfants aussi \u00e0 Foch.<br \/>Je suis agent EDF\/GDF en inactivit\u00e9 &#8211; retrait\u00e9e <br \/>J&#8217;ai \u00e9t\u00e9 12 ans conseill\u00e8re municipale, je siegeais notamment \u00e0 la Conf\u00e9rence du logement. <br \/>Je suis militante dans une association de d\u00e9fense des locataires \u00e0 la Cit\u00e9-Jardins.<\/p><p>J&#8217;ai adh\u00e9r\u00e9 au PCF car il remet en cause le capitalisme pour correspondre \u00e0 une vie democratique. Une soci\u00e9t\u00e9 o\u00f9 tu travailles dans une entreprise, ou en formation de qualit\u00e9 : plus de ch\u00f4mage. En un mot, le respect de l&#8217;\u00eatre humain et de la nature pour vivre ensemble sur une plan\u00e8te saine.<\/p>\t\t\t\t\t\t<\/div>\n\t\t\t\t<\/div>\n\t\t\t\t\t<\/div>\n\t\t<\/div>\n\t\t\t\t\t\t\t<\/div>\n\t\t<\/section>\n\t\t\t\t<section class=\"elementor-section elementor-top-section elementor-element elementor-element-bc3fbc2 elementor-section-boxed elementor-section-height-default elementor-section-height-default\" data-id=\"bc3fbc2\" data-element_type=\"section\">\n\t\t\t\t\t\t<div class=\"elementor-container elementor-column-gap-default\">\n\t\t\t\t\t<div class=\"elementor-column elementor-col-33 elementor-top-column elementor-element elementor-element-fc5bf9a\" data-id=\"fc5bf9a\" data-element_type=\"column\">\n\t\t\t<div class=\"elementor-widget-wrap elementor-element-populated\">\n\t\t\t\t\t\t\t\t<div class=\"elementor-element elementor-element-18efb99 elementor-position-left elementor-vertical-align-top elementor-widget elementor-widget-image-box\" data-id=\"18efb99\" data-element_type=\"widget\" data-widget_type=\"image-box.default\">\n\t\t\t\t<div class=\"elementor-widget-container\">\n\t\t\t<div class=\"elementor-image-box-wrapper\"><figure class=\"elementor-image-box-img\"><img loading=\"lazy\" decoding=\"async\" width=\"150\" height=\"150\" src=\"https:\/\/suresnes-sociale-\u00e9cologique.fr\/wp-content\/uploads\/2025\/05\/Amanda-150x150.jpg\" class=\"attachment-thumbnail size-thumbnail\" alt=\"\" \/><\/figure><div class=\"elementor-image-box-content\"><h3 class=\"elementor-image-box-title\"> Amanda Teixeira\u200b<\/h3><\/div><\/div>\t\t<\/div>\n\t\t\t\t<\/div>\n\t\t\t\t<div class=\"elementor-element elementor-element-fbb654a elementor-widget elementor-widget-text-editor\" data-id=\"fbb654a\" data-element_type=\"widget\" data-widget_type=\"text-editor.default\">\n\t\t\t\t<div class=\"elementor-widget-container\">\n\t\t\t\t\t\t\t<p>Parti Socialiste<\/p><p class=\"Standard\">Habitante de Suresnes depuis 1995, au quartier Libert\u00e9.<\/p><p class=\"Standard\">Retrait\u00e9e<\/p><p class=\"Standard\">Depuis ma tendre jeunesse, je suis de sensibilit\u00e9 de gauche.<\/p><p class=\"Standard\" style=\"text-align: justify; text-justify: inter-ideograph;\">Adh\u00e9rente au PS depuis 2008, je milite pour plus de libert\u00e9, de justice sociale, pour le<b> \u00ab\u00a0vivre ensemble\u00a0\u00bb<\/b> sans conditions de genre, de classe sociale, de religion ou de couleur de peau.<\/p><p class=\"Standard\" style=\"text-align: justify; text-justify: inter-ideograph;\">Je suis \u00e9galement tr\u00e8s concern\u00e9e par les probl\u00e9matiques environnementales.<\/p><p class=\"Standard\" style=\"text-align: justify; text-justify: inter-ideograph;\">\u00a0<\/p>\t\t\t\t\t\t<\/div>\n\t\t\t\t<\/div>\n\t\t\t\t\t<\/div>\n\t\t<\/div>\n\t\t\t\t<div class=\"elementor-column elementor-col-33 elementor-top-column elementor-element elementor-element-4323f1e\" data-id=\"4323f1e\" data-element_type=\"column\">\n\t\t\t<div class=\"elementor-widget-wrap elementor-element-populated\">\n\t\t\t\t\t\t\t\t<div class=\"elementor-element elementor-element-86749d8 elementor-position-left elementor-vertical-align-top elementor-widget elementor-widget-image-box\" data-id=\"86749d8\" data-element_type=\"widget\" data-widget_type=\"image-box.default\">\n\t\t\t\t<div class=\"elementor-widget-container\">\n\t\t\t<div class=\"elementor-image-box-wrapper\"><figure class=\"elementor-image-box-img\"><img loading=\"lazy\" decoding=\"async\" width=\"150\" height=\"150\" src=\"https:\/\/suresnes-sociale-\u00e9cologique.fr\/wp-content\/uploads\/2025\/06\/Damien-150x150.jpg\" class=\"attachment-thumbnail size-thumbnail\" alt=\"\" \/><\/figure><div class=\"elementor-image-box-content\"><h3 class=\"elementor-image-box-title\">Damien Pierrot-Privier\u200b<\/h3><\/div><\/div>\t\t<\/div>\n\t\t\t\t<\/div>\n\t\t\t\t<div class=\"elementor-element elementor-element-791cf3f elementor-widget elementor-widget-text-editor\" data-id=\"791cf3f\" data-element_type=\"widget\" data-widget_type=\"text-editor.default\">\n\t\t\t\t<div class=\"elementor-widget-container\">\n\t\t\t\t\t\t\t<p>G\u00e9n\u00e9ration.s<\/p><p>Membre de l&#8217;\u00e9quipe nationale des Jeunes G\u00e9n\u00e9ration.s<\/p><p>Je suis \u00e9tudiant en droit constitutionnel \u00e0 la Sorbonne et j&#8217;habite le quartier \u00c9cluse-Belv\u00e9d\u00e8re<\/p><p>Je suis engag\u00e9 dans cette campagne pour que Suresnes renoue avec son r\u00e9cit progressiste et devienne une ville sociale, \u00e9cologique et d\u00e9mocratique !<\/p>\t\t\t\t\t\t<\/div>\n\t\t\t\t<\/div>\n\t\t\t\t\t<\/div>\n\t\t<\/div>\n\t\t\t\t<div class=\"elementor-column elementor-col-33 elementor-top-column elementor-element elementor-element-d1cf499\" data-id=\"d1cf499\" data-element_type=\"column\">\n\t\t\t<div class=\"elementor-widget-wrap elementor-element-populated\">\n\t\t\t\t\t\t\t\t<div class=\"elementor-element elementor-element-ab24813 elementor-position-left elementor-vertical-align-top elementor-widget elementor-widget-image-box\" data-id=\"ab24813\" data-element_type=\"widget\" data-widget_type=\"image-box.default\">\n\t\t\t\t<div class=\"elementor-widget-container\">\n\t\t\t<div class=\"elementor-image-box-wrapper\"><figure class=\"elementor-image-box-img\"><img loading=\"lazy\" decoding=\"async\" width=\"150\" height=\"150\" src=\"https:\/\/suresnes-sociale-\u00e9cologique.fr\/wp-content\/uploads\/2025\/10\/martha-Berthonneau-150x150.jpg\" class=\"attachment-thumbnail size-thumbnail\" alt=\"\" \/><\/figure><div class=\"elementor-image-box-content\"><h3 class=\"elementor-image-box-title\">Martha Berthonneau<\/h3><\/div><\/div>\t\t<\/div>\n\t\t\t\t<\/div>\n\t\t\t\t<div class=\"elementor-element elementor-element-5c0c8d7 elementor-widget elementor-widget-text-editor\" data-id=\"5c0c8d7\" data-element_type=\"widget\" data-widget_type=\"text-editor.default\">\n\t\t\t\t<div class=\"elementor-widget-container\">\n\t\t\t\t\t\t\t<p>Soci\u00e9t\u00e9 Civile<\/p><div>Cr\u00e9atrice d&#8217;un cabinet conseil en management<\/div><div>Cr\u00e9atrice de podcast et engag\u00e9e dans la lutte pour les droits sociaux, l&#8217;inclusion et la promotion de la diversit\u00e9.<br \/>J&#8217;habite \u00e0 Suresnes depuis 1994.<\/div><p>Je m&#8217;engage dans ce projet parce que je crois en une soci\u00e9t\u00e9 juste avec un projet d&#8217;ouverture \u00e0 l&#8217;autre sans discrimination d&#8217;aucune sorte dans un environnement qui redonne du territoire aux vivants.<\/p>\t\t\t\t\t\t<\/div>\n\t\t\t\t<\/div>\n\t\t\t\t\t<\/div>\n\t\t<\/div>\n\t\t\t\t\t\t\t<\/div>\n\t\t<\/section>\n\t\t\t\t<section class=\"elementor-section elementor-top-section elementor-element elementor-element-87c3d38 elementor-section-boxed elementor-section-height-default elementor-section-height-default\" data-id=\"87c3d38\" data-element_type=\"section\">\n\t\t\t\t\t\t<div class=\"elementor-container elementor-column-gap-default\">\n\t\t\t\t\t<div class=\"elementor-column elementor-col-33 elementor-top-column elementor-element elementor-element-1278618\" data-id=\"1278618\" data-element_type=\"column\">\n\t\t\t<div class=\"elementor-widget-wrap elementor-element-populated\">\n\t\t\t\t\t\t\t\t<div class=\"elementor-element elementor-element-c60b439 elementor-position-left elementor-vertical-align-top elementor-widget elementor-widget-image-box\" data-id=\"c60b439\" data-element_type=\"widget\" data-widget_type=\"image-box.default\">\n\t\t\t\t<div class=\"elementor-widget-container\">\n\t\t\t<div class=\"elementor-image-box-wrapper\"><figure class=\"elementor-image-box-img\"><img decoding=\"async\" src=\"https:\/\/suresnes-sociale-\u00e9cologique.fr\/wp-content\/uploads\/elementor\/thumbs\/Nathan-r7ecr2uw9ft4sv5wmpsru6zfhtzl6l1lylcj5ztw3c.png\" title=\"Nathan\" alt=\"Nathan\" \/><\/figure><div class=\"elementor-image-box-content\"><h3 class=\"elementor-image-box-title\">Nathan Petit<\/h3><\/div><\/div>\t\t<\/div>\n\t\t\t\t<\/div>\n\t\t\t\t<div class=\"elementor-element elementor-element-8a3772a elementor-widget elementor-widget-text-editor\" data-id=\"8a3772a\" data-element_type=\"widget\" data-widget_type=\"text-editor.default\">\n\t\t\t\t<div class=\"elementor-widget-container\">\n\t\t\t\t\t\t\t<p>G\u00e9n\u00e9ration.s<\/p><p>Militant depuis 2018.<\/p><p>Ex secr\u00e9taire g\u00e9n\u00e9ral des jeunes G\u00e9n\u00e9ration\u00b7s<\/p><p>Je suis engag\u00e9 pour apporter un avenir \u00e9cologique et social \u00e0 Suresnes<\/p>\t\t\t\t\t\t<\/div>\n\t\t\t\t<\/div>\n\t\t\t\t\t<\/div>\n\t\t<\/div>\n\t\t\t\t<div class=\"elementor-column elementor-col-33 elementor-top-column elementor-element elementor-element-a1dc69a\" data-id=\"a1dc69a\" data-element_type=\"column\">\n\t\t\t<div class=\"elementor-widget-wrap elementor-element-populated\">\n\t\t\t\t\t\t\t\t<div class=\"elementor-element elementor-element-f502a97 elementor-position-left elementor-vertical-align-top elementor-widget elementor-widget-image-box\" data-id=\"f502a97\" data-element_type=\"widget\" data-widget_type=\"image-box.default\">\n\t\t\t\t<div class=\"elementor-widget-container\">\n\t\t\t<div class=\"elementor-image-box-wrapper\"><figure class=\"elementor-image-box-img\"><img decoding=\"async\" src=\"https:\/\/suresnes-sociale-\u00e9cologique.fr\/wp-content\/uploads\/elementor\/thumbs\/Capture-decran-2025-11-12-a-02.39.07-rekqdd8bpbk7patff1xxtvdb3s3wtl8jd8jina3ws8.png\" title=\"Capture d\u2019e\u0301cran 2025-11-12 a\u0300 02.39.07\" alt=\"Capture d\u2019e\u0301cran 2025-11-12 a\u0300 02.39.07\" \/><\/figure><div class=\"elementor-image-box-content\"><h3 class=\"elementor-image-box-title\">L\u00e9o Viarouge<\/h3><\/div><\/div>\t\t<\/div>\n\t\t\t\t<\/div>\n\t\t\t\t<div class=\"elementor-element elementor-element-eb36001 elementor-widget elementor-widget-text-editor\" data-id=\"eb36001\" data-element_type=\"widget\" data-widget_type=\"text-editor.default\">\n\t\t\t\t<div class=\"elementor-widget-container\">\n\t\t\t\t\t\t\t<p>Soci\u00e9t\u00e9 Civile<\/p><div>Analyste en cybers\u00e9curit\u00e9, j&#8217;habite \u00e0 Suresnes depuis 25 ans.<br \/>Tr\u00e8s sensible aux sujets d&#8217;acc\u00e8s \u00e0 l&#8217;information et de participation citoyenne.<br \/>Je m&#8217;engage pour une politique plus \u00e9cologique, plus inclusive et plus transparente.<\/div>\t\t\t\t\t\t<\/div>\n\t\t\t\t<\/div>\n\t\t\t\t\t<\/div>\n\t\t<\/div>\n\t\t\t\t<div class=\"elementor-column elementor-col-33 elementor-top-column elementor-element elementor-element-4e27a45\" data-id=\"4e27a45\" data-element_type=\"column\">\n\t\t\t<div class=\"elementor-widget-wrap\">\n\t\t\t\t\t\t\t\t\t<\/div>\n\t\t<\/div>\n\t\t\t\t\t\t\t<\/div>\n\t\t<\/section>\n\t\t\t\t<section class=\"elementor-section elementor-top-section elementor-element elementor-element-663867c elementor-section-boxed elementor-section-height-default elementor-section-height-default\" data-id=\"663867c\" data-element_type=\"section\">\n\t\t\t\t\t\t<div class=\"elementor-container elementor-column-gap-default\">\n\t\t\t\t\t<div class=\"elementor-column elementor-col-100 elementor-top-column elementor-element elementor-element-aec127c\" data-id=\"aec127c\" data-element_type=\"column\">\n\t\t\t<div class=\"elementor-widget-wrap elementor-element-populated\">\n\t\t\t\t\t\t\t\t<div class=\"elementor-element elementor-element-18baeb2 elementor-widget elementor-widget-spacer\" data-id=\"18baeb2\" data-element_type=\"widget\" data-widget_type=\"spacer.default\">\n\t\t\t\t<div class=\"elementor-widget-container\">\n\t\t\t\t\t<div class=\"elementor-spacer\">\n\t\t\t<div class=\"elementor-spacer-inner\"><\/div>\n\t\t<\/div>\n\t\t\t\t<\/div>\n\t\t\t\t<\/div>\n\t\t\t\t<div class=\"elementor-element elementor-element-337a0d4 elementor-widget elementor-widget-heading\" data-id=\"337a0d4\" data-element_type=\"widget\" data-widget_type=\"heading.default\">\n\t\t\t\t<div class=\"elementor-widget-container\">\n\t\t\t<h2 class=\"elementor-heading-title elementor-size-default\">Nos \u00e9lues<\/h2>\t\t<\/div>\n\t\t\t\t<\/div>\n\t\t\t\t<div class=\"elementor-element elementor-element-22099da elementor-widget elementor-widget-spacer\" data-id=\"22099da\" data-element_type=\"widget\" data-widget_type=\"spacer.default\">\n\t\t\t\t<div class=\"elementor-widget-container\">\n\t\t\t\t\t<div class=\"elementor-spacer\">\n\t\t\t<div class=\"elementor-spacer-inner\"><\/div>\n\t\t<\/div>\n\t\t\t\t<\/div>\n\t\t\t\t<\/div>\n\t\t\t\t\t<\/div>\n\t\t<\/div>\n\t\t\t\t\t\t\t<\/div>\n\t\t<\/section>\n\t\t\t\t<section class=\"elementor-section elementor-top-section elementor-element elementor-element-99dbead elementor-section-boxed elementor-section-height-default elementor-section-height-default\" data-id=\"99dbead\" data-element_type=\"section\">\n\t\t\t\t\t\t<div class=\"elementor-container elementor-column-gap-default\">\n\t\t\t\t\t<div class=\"elementor-column elementor-col-100 elementor-top-column elementor-element elementor-element-798ed65\" data-id=\"798ed65\" data-element_type=\"column\">\n\t\t\t<div class=\"elementor-widget-wrap elementor-element-populated\">\n\t\t\t\t\t\t\t\t<div class=\"elementor-element elementor-element-975c43f elementor-position-right elementor-vertical-align-top elementor-widget elementor-widget-image-box\" data-id=\"975c43f\" data-element_type=\"widget\" data-widget_type=\"image-box.default\">\n\t\t\t\t<div class=\"elementor-widget-container\">\n\t\t\t<div class=\"elementor-image-box-wrapper\"><figure class=\"elementor-image-box-img\"><img decoding=\"async\" src=\"https:\/\/suresnes-sociale-\u00e9cologique.fr\/wp-content\/uploads\/elementor\/thumbs\/Sabrina-q09sxp01gf847qhyv3dzhz94wlbjji51tl60nkjhdk.jpg\" title=\"Sabrina\" alt=\"Sabrina\" \/><\/figure><\/div>\t\t<\/div>\n\t\t\t\t<\/div>\n\t\t\t\t<div class=\"elementor-element elementor-element-81718dd elementor-widget elementor-widget-heading\" data-id=\"81718dd\" data-element_type=\"widget\" data-widget_type=\"heading.default\">\n\t\t\t\t<div class=\"elementor-widget-container\">\n\t\t\t<h2 class=\"elementor-heading-title elementor-size-xl\">Sabrina Sebaihi<\/h2>\t\t<\/div>\n\t\t\t\t<\/div>\n\t\t\t\t<div class=\"elementor-element elementor-element-0823ee3 elementor-widget elementor-widget-heading\" data-id=\"0823ee3\" data-element_type=\"widget\" data-widget_type=\"heading.default\">\n\t\t\t\t<div class=\"elementor-widget-container\">\n\t\t\t<h2 class=\"elementor-heading-title elementor-size-default\">D\u00e9put\u00e9e NFP (EELV)<\/h2>\t\t<\/div>\n\t\t\t\t<\/div>\n\t\t\t\t<div class=\"elementor-element elementor-element-87ba692 elementor-widget elementor-widget-text-editor\" data-id=\"87ba692\" data-element_type=\"widget\" data-widget_type=\"text-editor.default\">\n\t\t\t\t<div class=\"elementor-widget-container\">\n\t\t\t\t\t\t\t<p><span style=\"font-family: Verdana, sans-serif; font-size: 15px; white-space: pre-wrap;\">N\u00e9e \u00e0 Ivry-sur-Seine le 10 mai 1981, je fais partie des b\u00e9b\u00e9s Mitterrand. <\/span><\/p><p><span style=\"font-family: Verdana, sans-serif; font-size: 15px; white-space: pre-wrap;\">De p\u00e8re ouvrier et de m\u00e8re assistante maternelle, je fais un parcours universitaire qui ressemble \u00e0 mes engagements m\u00ealant sant\u00e9 et politiques publiques. <\/span><\/p><p><span style=\"font-family: Verdana, sans-serif; font-size: 15px; white-space: pre-wrap;\">Je milite d\u2019ailleurs tr\u00e8s t\u00f4t \u00e0 la Croix Rouge, avant de m\u2019int\u00e9resser \u00e0 l\u2019\u00e9cologie solidaire et sociale, avec un int\u00e9r\u00eat marqu\u00e9 pour la lutte contre les discriminations, la d\u00e9mocratie participative, et le f\u00e9minisme. <\/span><\/p><p><span style=\"font-family: Verdana, sans-serif; font-size: 15px; white-space: pre-wrap;\">Je suis aujourd\u2019hui D\u00e9put\u00e9e de la 4eme circonscription des Hauts de Seine regroupant Nanterre et Suresnes, je continue \u00e0 porter mes combats \u00e0 l\u2019assembl\u00e9e Nationale.<\/span><\/p><p><span style=\"font-family: Verdana, sans-serif; font-size: 15px; white-space: pre-wrap;\">Contact mail : sabrina.sebaihi@assemblee-nationale.fr <\/span><\/p><p><span style=\"font-family: Verdana, sans-serif; font-size: 15px; white-space: pre-wrap;\">Permanence : 19 Ter rue Sadi Carnot 92000 Nanterre<\/span><br style=\"font-family: Verdana, sans-serif; font-size: 15px; white-space: pre-wrap;\" \/><br style=\"font-family: Verdana, sans-serif; font-size: 15px; white-space: pre-wrap;\" \/><\/p>\t\t\t\t\t\t<\/div>\n\t\t\t\t<\/div>\n\t\t\t\t\t<\/div>\n\t\t<\/div>\n\t\t\t\t\t\t\t<\/div>\n\t\t<\/section>\n\t\t\t\t\t\t\t<\/div>\n\t\t","protected":false},"excerpt":{"rendered":"<p>Les membres du collectif Nous sommes un collectif de suresnoises et de suresnois engag\u00e9s dans la vie politique et associative. Nous portons le projet d&#8217;une ville plus soucieuse du bien-\u00eatre de ses habitantes et habitants, plus solidaire et organis\u00e9e pour lutter contre le d\u00e9r\u00e8glement climatique.Suresnes est une ville riche et dynamique. Nagu\u00e8re ville agricole puis [&hellip;]<\/p>\n","protected":false},"author":1,"featured_media":0,"parent":0,"menu_order":0,"comment_status":"closed","ping_status":"closed","template":"","meta":{"om_disable_all_campaigns":false,"_mi_skip_tracking":false,"site-sidebar-layout":"no-sidebar","site-content-layout":"page-builder","ast-site-content-layout":"full-width-container","site-content-style":"unboxed","site-sidebar-style":"unboxed","ast-global-header-display":"","ast-banner-title-visibility":"","ast-main-header-display":"","ast-hfb-above-header-display":"","ast-hfb-below-header-display":"","ast-hfb-mobile-header-display":"","site-post-title":"disabled","ast-breadcrumbs-content":"disabled","ast-featured-img":"disabled","footer-sml-layout":"","theme-transparent-header-meta":"enabled","adv-header-id-meta":"","stick-header-meta":"","header-above-stick-meta":"","header-main-stick-meta":"","header-below-stick-meta":"","astra-migrate-meta-layouts":"set","ast-page-background-enabled":"default","ast-page-background-meta":{"desktop":{"background-color":"","background-image":"","background-repeat":"repeat","background-position":"center center","background-size":"auto","background-attachment":"scroll","background-type":"","background-media":"","overlay-type":"","overlay-color":"","overlay-opacity":"","overlay-gradient":""},"tablet":{"background-color":"","background-image":"","background-repeat":"repeat","background-position":"center center","background-size":"auto","background-attachment":"scroll","background-type":"","background-media":"","overlay-type":"","overlay-color":"","overlay-opacity":"","overlay-gradient":""},"mobile":{"background-color":"","background-image":"","background-repeat":"repeat","background-position":"center center","background-size":"auto","background-attachment":"scroll","background-type":"","background-media":"","overlay-type":"","overlay-color":"","overlay-opacity":"","overlay-gradient":""}},"ast-content-background-meta":{"desktop":{"background-color":"var(--ast-global-color-5)","background-image":"","background-repeat":"repeat","background-position":"center center","background-size":"auto","background-attachment":"scroll","background-type":"","background-media":"","overlay-type":"","overlay-color":"","overlay-opacity":"","overlay-gradient":""},"tablet":{"background-color":"var(--ast-global-color-5)","background-image":"","background-repeat":"repeat","background-position":"center center","background-size":"auto","background-attachment":"scroll","background-type":"","background-media":"","overlay-type":"","overlay-color":"","overlay-opacity":"","overlay-gradient":""},"mobile":{"background-color":"var(--ast-global-color-5)","background-image":"","background-repeat":"repeat","background-position":"center center","background-size":"auto","background-attachment":"scroll","background-type":"","background-media":"","overlay-type":"","overlay-color":"","overlay-opacity":"","overlay-gradient":""}},"footnotes":""},"class_list":["post-393","page","type-page","status-publish","hentry"],"aioseo_notices":[],"_links":{"self":[{"href":"https:\/\/suresnes-sociale-\u00e9cologique.fr\/index.php?rest_route=\/wp\/v2\/pages\/393","targetHints":{"allow":["GET"]}}],"collection":[{"href":"https:\/\/suresnes-sociale-\u00e9cologique.fr\/index.php?rest_route=\/wp\/v2\/pages"}],"about":[{"href":"https:\/\/suresnes-sociale-\u00e9cologique.fr\/index.php?rest_route=\/wp\/v2\/types\/page"}],"author":[{"embeddable":true,"href":"https:\/\/suresnes-sociale-\u00e9cologique.fr\/index.php?rest_route=\/wp\/v2\/users\/1"}],"replies":[{"embeddable":true,"href":"https:\/\/suresnes-sociale-\u00e9cologique.fr\/index.php?rest_route=%2Fwp%2Fv2%2Fcomments&post=393"}],"version-history":[{"count":520,"href":"https:\/\/suresnes-sociale-\u00e9cologique.fr\/index.php?rest_route=\/wp\/v2\/pages\/393\/revisions"}],"predecessor-version":[{"id":4760,"href":"https:\/\/suresnes-sociale-\u00e9cologique.fr\/index.php?rest_route=\/wp\/v2\/pages\/393\/revisions\/4760"}],"wp:attachment":[{"href":"https:\/\/suresnes-sociale-\u00e9cologique.fr\/index.php?rest_route=%2Fwp%2Fv2%2Fmedia&parent=393"}],"curies":[{"name":"wp","href":"https:\/\/api.w.org\/{rel}","templated":true}]}}